{"id":26,"date":"2022-01-23T12:21:38","date_gmt":"2022-01-23T12:21:38","guid":{"rendered":"https:\/\/www.ngv.nl\/hoofd\/?page_id=26"},"modified":"2026-09-01T12:11:52","modified_gmt":"2026-09-01T10:11:52","slug":"home","status":"publish","type":"page","link":"https:\/\/www.ngv.nl\/hoofd\/","title":{"rendered":"Home"},"content":{"rendered":"\n<h2 class=\"wp-block-heading has-text-align-center\">Snelkoppelingen<\/h2>\n\n\n\n<div class=\"wp-block-buttons is-nowrap is-layout-flex wp-container-core-buttons-is-layout-8f761849 wp-block-buttons-is-layout-flex\">\n<div style=\"--wp--block-button--width: 100;\" class=\"wp-block-button has-custom-width wp-block-button__width wp-block-button__width-100\"><a class=\"wp-block-button__link wp-element-button\" href=\"https:\/\/www.ngv.nl\/hoofd\/inloggen\/\" style=\"border-radius:15px\">Inloggen voor NGV Leden<\/a><\/div>\n<\/div>\n\n\n\n<div class=\"wp-block-columns is-layout-flex wp-container-core-columns-is-layout-8f761849 wp-block-columns-is-layout-flex\">\n<div class=\"wp-block-column is-layout-flow wp-block-column-is-layout-flow\">\n<div class=\"wp-block-buttons is-content-justification-center is-layout-flex wp-container-core-buttons-is-layout-fe48e5de wp-block-buttons-is-layout-flex\">\n<div style=\"--wp--block-button--width: 100;\" class=\"wp-block-button has-custom-width wp-block-button__width wp-block-button__width-100\"><a class=\"wp-block-button__link wp-element-button\" href=\"https:\/\/www.gensnostra.nl\/\" style=\"border-radius:15px\" target=\"_blank\" rel=\"noreferrer noopener\">Gens Nostra<\/a><\/div>\n<\/div>\n<\/div>\n\n\n\n<div class=\"wp-block-column is-layout-flow wp-block-column-is-layout-flow\">\n<div class=\"wp-block-buttons is-content-justification-center is-layout-flex wp-container-core-buttons-is-layout-fe48e5de wp-block-buttons-is-layout-flex\">\n<div style=\"--wp--block-button--width: 100;\" class=\"wp-block-button has-custom-width wp-block-button__width wp-block-button__width-100\"><a class=\"wp-block-button__link wp-element-button\" href=\"https:\/\/www.ngv.nl\/bibliotheek\/\" style=\"border-radius:15px\" target=\"_blank\" rel=\"noreferrer noopener\">Bibliotheek en Collecties<\/a><\/div>\n<\/div>\n<\/div>\n\n\n\n<div class=\"wp-block-column is-layout-flow wp-block-column-is-layout-flow\">\n<div class=\"wp-block-buttons is-content-justification-center is-layout-flex wp-container-core-buttons-is-layout-fe48e5de wp-block-buttons-is-layout-flex\">\n<div style=\"--wp--block-button--width: 100;\" class=\"wp-block-button has-custom-width wp-block-button__width wp-block-button__width-100\"><a class=\"wp-block-button__link wp-element-button\" href=\"http:\/\/ngv-afdelingen.nl\/\" style=\"border-radius:15px\" target=\"_blank\" rel=\"noreferrer noopener\">Afdelingen<\/a><\/div>\n<\/div>\n<\/div>\n<\/div>\n\n\n\n<div class=\"wp-block-columns is-layout-flex wp-container-core-columns-is-layout-8f761849 wp-block-columns-is-layout-flex\">\n<div class=\"wp-block-column is-layout-flow wp-block-column-is-layout-flow\">\n<div class=\"wp-block-buttons is-content-justification-center is-layout-flex wp-container-core-buttons-is-layout-fe48e5de wp-block-buttons-is-layout-flex\">\n<div style=\"--wp--block-button--width: 100;\" class=\"wp-block-button has-custom-width wp-block-button__width wp-block-button__width-100\"><a class=\"wp-block-button__link wp-element-button\" href=\"https:\/\/gensdatapro.nl\" style=\"border-radius:15px\" target=\"_blank\" rel=\"noreferrer noopener\">GensDataPro<\/a><\/div>\n<\/div>\n<\/div>\n\n\n\n<div class=\"wp-block-column is-vertically-aligned-bottom is-layout-flow wp-block-column-is-layout-flow\">\n<div class=\"wp-block-buttons is-content-justification-center is-layout-flex wp-container-core-buttons-is-layout-fb0dd413 wp-block-buttons-is-layout-flex\">\n<div style=\"--wp--block-button--width: 100;\" class=\"wp-block-button has-custom-width wp-block-button__width wp-block-button__width-100\"><a class=\"wp-block-button__link wp-element-button\" href=\"https:\/\/www.ngv-stambomen.nl\/gdp\/view\/home.php\" style=\"border-top-left-radius:15px;border-top-right-radius:15px;border-bottom-left-radius:15px;border-bottom-right-radius:15px\" target=\"_blank\" rel=\"noreferrer noopener\">NGV-stambomen<\/a><\/div>\n<\/div>\n<\/div>\n\n\n\n<div class=\"wp-block-column is-layout-flow wp-block-column-is-layout-flow\">\n<div class=\"wp-block-buttons is-layout-flex wp-block-buttons-is-layout-flex\">\n<div style=\"--wp--block-button--width: 100;\" class=\"wp-block-button has-custom-width wp-block-button__width wp-block-button__width-100\"><a class=\"wp-block-button__link wp-element-button\" href=\"https:\/\/ngvledenservice.nl\/webshop\/\" style=\"border-radius:15px\" target=\"_blank\" rel=\"noreferrer noopener\">Webshop<\/a><\/div>\n<\/div>\n<\/div>\n<\/div>\n\n\n\n<div class=\"wp-block-buttons is-content-justification-center is-nowrap is-layout-flex wp-container-core-buttons-is-layout-21295d6f wp-block-buttons-is-layout-flex\">\n<div style=\"--wp--block-button--width: 100;\" class=\"wp-block-button has-custom-width wp-block-button__width wp-block-button__width-100\"><a class=\"wp-block-button__link wp-element-button\" href=\"https:\/\/ngv.nl\/academie\" style=\"border-radius:15px\" target=\"_blank\" rel=\"noreferrer noopener\">NGV Academie &#8211; cursussen en workshops<\/a><\/div>\n<\/div>\n\n\n\n<p class=\"wp-block-paragraph\"><\/p>\n\n\n\n<hr class=\"wp-block-separator has-alpha-channel-opacity is-style-wide\"\/>\n\n\n\n<div class=\"wp-block-media-text is-stacked-on-mobile\" style=\"grid-template-columns:40% auto\"><figure class=\"wp-block-media-text__media\"><img loading=\"lazy\" decoding=\"async\" width=\"1000\" height=\"667\" src=\"https:\/\/www.ngv.nl\/hoofd\/wp-content\/uploads\/2022\/03\/work-workplace-office-computer-162583.jpeg\" alt=\"\" class=\"wp-image-1266 size-full\" srcset=\"https:\/\/www.ngv.nl\/hoofd\/wp-content\/uploads\/2022\/03\/work-workplace-office-computer-162583.jpeg 1000w, https:\/\/www.ngv.nl\/hoofd\/wp-content\/uploads\/2022\/03\/work-workplace-office-computer-162583-300x200.jpeg 300w, https:\/\/www.ngv.nl\/hoofd\/wp-content\/uploads\/2022\/03\/work-workplace-office-computer-162583-768x512.jpeg 768w\" sizes=\"auto, (max-width: 1000px) 100vw, 1000px\" \/><\/figure><div class=\"wp-block-media-text__content\">\n<h5 class=\"wp-block-heading\">Agenda<\/h5>\n\n\n\n<p class=\"wp-block-paragraph\">De NGV organiseert zowel op landelijk als op regionaal niveau een breed scala aan activiteiten in de vorm van lezingen, workshops, cursussen en evenementen. Daarnaast is sprake van inloopbijeenkomsten c.q.stamboomcaf\u00e9s die voor iedereen toegankelijk zijn met vragen op genealogisch gebied.<\/p>\n\n\n\n<p class=\"wp-block-paragraph\"><\/p>\n<\/div><\/div>\n\n\n\n<p class=\"wp-block-paragraph\"><strong>Zie voor alle cursussen, lezingen en workshops:<\/strong><\/p>\n\n\n\n<div class=\"wp-block-buttons is-layout-flex wp-block-buttons-is-layout-flex\">\n<div style=\"--wp--block-button--width: 25;\" class=\"wp-block-button has-custom-width wp-block-button__width wp-block-button__width-25\"><a class=\"wp-block-button__link wp-element-button\" href=\"https:\/\/www.ngv.nl\/academie\/\" style=\"border-radius:15px\">NGV ACADEMIE<\/a><\/div>\n<\/div>\n\n\n\n<p class=\"wp-block-paragraph\"><strong>Zie voor de agenda van alle afdelingen:<\/strong>&nbsp;&nbsp;<\/p>\n\n\n\n<div class=\"wp-block-buttons is-layout-flex wp-block-buttons-is-layout-flex\">\n<div style=\"--wp--block-button--width: 25;\" class=\"wp-block-button has-custom-width wp-block-button__width wp-block-button__width-25\"><a class=\"wp-block-button__link wp-element-button\" href=\"https:\/\/www.ngv.nl\/hoofd\/agenda-van-de-afdelingen\/\" style=\"border-radius:15px\">AFDELINGS AGENDA&#8217;S<\/a><\/div>\n<\/div>\n\n\n\n<p class=\"wp-block-paragraph\"><strong>Zie voor landelijke activiteiten:<\/strong><em>&nbsp;<\/em>&nbsp;&nbsp;<\/p>\n\n\n\n<div class=\"wp-block-buttons is-layout-flex wp-block-buttons-is-layout-flex\">\n<div style=\"--wp--block-button--width: 25;\" class=\"wp-block-button has-custom-width wp-block-button__width wp-block-button__width-25\"><a class=\"wp-block-button__link wp-element-button\" href=\"https:\/\/www.ngv.nl\/hoofd\/agenda\/\" style=\"border-radius:15px\">LANDELIJK<\/a><\/div>\n<\/div>\n\n\n\n<hr class=\"wp-block-separator has-alpha-channel-opacity is-style-wide\"\/>\n\n\n\n<p class=\"has-text-align-center wp-block-paragraph\"><strong>NEDERLANDSE GENEALOGISCHE VERENIGING<\/strong><\/p>\n\n\n\n<p class=\"has-text-align-center wp-block-paragraph\">Genealogie is geen alledaags woord <br>Het is het ontdekken van je familiegeschiedenis<br>Dit is meer dan het maken van een stamboom<br>Het leven zit namelijk vol verhalen<br>Hieraan is veel plezier te beleven<\/p>\n\n\n\n<div class=\"wp-block-buttons is-content-justification-center is-nowrap is-layout-flex wp-container-core-buttons-is-layout-21295d6f wp-block-buttons-is-layout-flex\">\n<div style=\"--wp--block-button--width: 25;\" class=\"wp-block-button has-custom-width wp-block-button__width wp-block-button__width-25\"><a class=\"wp-block-button__link has-text-align-center wp-element-button\" href=\"https:\/\/www.ngv.nl\/hoofd\/lid-worden\/\" style=\"border-radius:15px\">WORD LID<\/a><\/div>\n<\/div>\n\n\n\n<hr class=\"wp-block-separator has-alpha-channel-opacity is-style-wide\"\/>\n\n\n\n<h3 class=\"wp-block-heading\">Nieuw<\/h3>\n\n\n\n<div class=\"wp-block-columns is-layout-flex wp-container-core-columns-is-layout-8f761849 wp-block-columns-is-layout-flex\">\n<div class=\"wp-block-column has-background is-layout-flow wp-block-column-is-layout-flow\" style=\"background-color:#cdf1f4\">\n<p class=\"wp-block-paragraph\"><\/p>\n\n\n<div class=\"wp-block-image\">\n<figure class=\"aligncenter size-full is-resized\"><img loading=\"lazy\" decoding=\"async\" width=\"605\" height=\"301\" src=\"https:\/\/www.ngv.nl\/hoofd\/wp-content\/uploads\/2026\/08\/bijeenkomst-sittard.png\" alt=\"\" class=\"wp-image-16672\" style=\"aspect-ratio:0.6759459334017504;width:152px;height:auto\" srcset=\"https:\/\/www.ngv.nl\/hoofd\/wp-content\/uploads\/2026\/08\/bijeenkomst-sittard.png 605w, https:\/\/www.ngv.nl\/hoofd\/wp-content\/uploads\/2026\/08\/bijeenkomst-sittard-300x149.png 300w, https:\/\/www.ngv.nl\/hoofd\/wp-content\/uploads\/2026\/08\/bijeenkomst-sittard-18x9.png 18w, https:\/\/www.ngv.nl\/hoofd\/wp-content\/uploads\/2026\/08\/bijeenkomst-sittard-402x200.png 402w\" sizes=\"auto, (max-width: 605px) 100vw, 605px\" \/><\/figure>\n<\/div>\n\n\n<p class=\"has-text-align-center wp-block-paragraph\"><strong>Beleef de landelijke NGV dag 2026 in Sittard<\/strong><\/p>\n\n\n\n<div class=\"wp-block-buttons is-content-justification-center is-layout-flex wp-container-core-buttons-is-layout-fe48e5de wp-block-buttons-is-layout-flex\">\n<div class=\"wp-block-button\"><a class=\"wp-block-button__link wp-element-button\" href=\"https:\/\/www.ngv.nl\/hoofd\/landelijke-ngv-dag-2026-in-sittard\/\" style=\"border-top-left-radius:15px;border-top-right-radius:15px;border-bottom-left-radius:15px;border-bottom-right-radius:15px\">LEES MEER<\/a><\/div>\n<\/div>\n<\/div>\n\n\n\n<div class=\"wp-block-column has-background is-layout-flow wp-block-column-is-layout-flow\" style=\"background-color:#cdf1f4\">\n<p class=\"wp-block-paragraph\"><\/p>\n\n\n<div class=\"wp-block-image\">\n<figure class=\"aligncenter size-full is-resized\"><img loading=\"lazy\" decoding=\"async\" width=\"911\" height=\"1003\" src=\"https:\/\/www.ngv.nl\/hoofd\/wp-content\/uploads\/2024\/02\/NGV-Schepperle-Award.jpg\" alt=\"\" class=\"wp-image-6924\" style=\"aspect-ratio:0.9082931049322278;width:201px;height:auto\" srcset=\"https:\/\/www.ngv.nl\/hoofd\/wp-content\/uploads\/2024\/02\/NGV-Schepperle-Award.jpg 911w, https:\/\/www.ngv.nl\/hoofd\/wp-content\/uploads\/2024\/02\/NGV-Schepperle-Award-272x300.jpg 272w, https:\/\/www.ngv.nl\/hoofd\/wp-content\/uploads\/2024\/02\/NGV-Schepperle-Award-768x846.jpg 768w, https:\/\/www.ngv.nl\/hoofd\/wp-content\/uploads\/2024\/02\/NGV-Schepperle-Award-11x12.jpg 11w, https:\/\/www.ngv.nl\/hoofd\/wp-content\/uploads\/2024\/02\/NGV-Schepperle-Award-182x200.jpg 182w\" sizes=\"auto, (max-width: 911px) 100vw, 911px\" \/><\/figure>\n<\/div>\n\n\n<p class=\"has-text-align-center wp-block-paragraph\"><strong>Nomineer voor NGV<br>Schepperle Award 2026<\/strong><\/p>\n\n\n\n<div class=\"wp-block-buttons is-content-justification-center is-nowrap is-layout-flex wp-container-core-buttons-is-layout-21295d6f wp-block-buttons-is-layout-flex\">\n<div style=\"--wp--block-button--width: 75;\" class=\"wp-block-button has-custom-width wp-block-button__width wp-block-button__width-75\"><a class=\"wp-block-button__link wp-element-button\" href=\"https:\/\/www.ngv.nl\/hoofd\/nomineer-voor-ngv-schepperle-award\/\" style=\"border-radius:15px\">LEES MEER<\/a><\/div>\n<\/div>\n<\/div>\n\n\n\n<div class=\"wp-block-column has-background is-layout-flow wp-block-column-is-layout-flow\" style=\"background-color:#cdf1f4\">\n<p class=\"wp-block-paragraph\"><\/p>\n\n\n<div class=\"wp-block-image\">\n<figure class=\"aligncenter size-full is-resized\"><img loading=\"lazy\" decoding=\"async\" width=\"1024\" height=\"683\" src=\"https:\/\/www.ngv.nl\/hoofd\/wp-content\/uploads\/2026\/05\/peter-van-boheemen-erelid-NGV.jpg\" alt=\"\" class=\"wp-image-15945\" style=\"aspect-ratio:1.4991888001639928;width:201px;height:auto\" srcset=\"https:\/\/www.ngv.nl\/hoofd\/wp-content\/uploads\/2026\/05\/peter-van-boheemen-erelid-NGV.jpg 1024w, https:\/\/www.ngv.nl\/hoofd\/wp-content\/uploads\/2026\/05\/peter-van-boheemen-erelid-NGV-300x200.jpg 300w, https:\/\/www.ngv.nl\/hoofd\/wp-content\/uploads\/2026\/05\/peter-van-boheemen-erelid-NGV-768x512.jpg 768w, https:\/\/www.ngv.nl\/hoofd\/wp-content\/uploads\/2026\/05\/peter-van-boheemen-erelid-NGV-18x12.jpg 18w\" sizes=\"auto, (max-width: 1024px) 100vw, 1024px\" \/><\/figure>\n<\/div>\n\n\n<p class=\"has-text-align-center wp-block-paragraph\"><strong>Erelid benoemd op de Algemene Vergadering van 9 mei 2026<\/strong><\/p>\n\n\n\n<div class=\"wp-block-buttons is-content-justification-center is-layout-flex wp-container-core-buttons-is-layout-fe48e5de wp-block-buttons-is-layout-flex\">\n<div class=\"wp-block-button\"><a class=\"wp-block-button__link wp-element-button\" href=\"https:\/\/www.ngv.nl\/hoofd\/erelid-benoemd-op-de-algemene-vergadering-van-9-mei-2026\/\" style=\"border-top-left-radius:15px;border-top-right-radius:15px;border-bottom-left-radius:15px;border-bottom-right-radius:15px\">LEES MEER<\/a><\/div>\n<\/div>\n<\/div>\n<\/div>\n\n\n\n<hr class=\"wp-block-separator has-alpha-channel-opacity is-style-wide\"\/>\n\n\n\n<div class=\"wp-block-media-text is-stacked-on-mobile\" style=\"grid-template-columns:37% auto\"><figure class=\"wp-block-media-text__media\"><img loading=\"lazy\" decoding=\"async\" width=\"300\" height=\"300\" src=\"https:\/\/www.ngv.nl\/hoofd\/wp-content\/uploads\/2022\/03\/gens-nostra.png\" alt=\"GensNostra en Heraldisch Tijdschrift\" class=\"wp-image-936 size-full\" srcset=\"https:\/\/www.ngv.nl\/hoofd\/wp-content\/uploads\/2022\/03\/gens-nostra.png 300w, https:\/\/www.ngv.nl\/hoofd\/wp-content\/uploads\/2022\/03\/gens-nostra-150x150.png 150w, https:\/\/www.ngv.nl\/hoofd\/wp-content\/uploads\/2022\/03\/gens-nostra-200x200.png 200w\" sizes=\"auto, (max-width: 300px) 100vw, 300px\" \/><\/figure><div class=\"wp-block-media-text__content\">\n<h5 class=\"wp-block-heading\">Gens Nostra<\/h5>\n\n\n\n<p class=\"wp-block-paragraph\">Gens Nostra is een tweemaandelijks verenigingsblad op het gebied van genealogie, heraldiek en genetica. De inhoud van alle verschenen nummers is doorzoekbaar. Voor niet-leden zijn enkele inkijkexemplaren beschikbaar.<\/p>\n\n\n\n<div class=\"wp-block-buttons is-layout-flex wp-block-buttons-is-layout-flex\">\n<div style=\"--wp--block-button--width: 50;\" class=\"wp-block-button has-custom-width wp-block-button__width wp-block-button__width-50\"><a class=\"wp-block-button__link wp-element-button\" href=\"https:\/\/gensnostra.nl\/\" style=\"border-radius:15px\" target=\"_blank\" rel=\"noreferrer noopener\">NAAR GENS NOSTRA<\/a><\/div>\n<\/div>\n<\/div><\/div>\n\n\n\n<hr class=\"wp-block-separator has-alpha-channel-opacity is-style-wide\"\/>\n\n\n\n<div class=\"wp-block-media-text has-media-on-the-right is-stacked-on-mobile\" style=\"grid-template-columns:auto 53%\"><div class=\"wp-block-media-text__content\">\n<h5 class=\"wp-block-heading\">GensDataPro<\/h5>\n\n\n\n<p class=\"wp-block-paragraph\">GensDataPro mag gerekend worden tot de beste genealogische programma&#8217;s. Het kent inmiddels ca. 7.000 gebruikers. De verkoop verloopt via de Nederlandse Genealogische Vereniging. Het programma is ook voor niet-leden beschikbaar.<\/p>\n\n\n\n<div class=\"wp-block-buttons is-nowrap is-layout-flex wp-container-core-buttons-is-layout-8f761849 wp-block-buttons-is-layout-flex\">\n<div style=\"--wp--block-button--width: 75;\" class=\"wp-block-button has-custom-width wp-block-button__width wp-block-button__width-75\"><a class=\"wp-block-button__link wp-element-button\" href=\"https:\/\/www.gensdatapro.nl\/ngvgdp\/\" style=\"border-radius:15px\" target=\"_blank\" rel=\"noreferrer noopener\">GENSDATAPRO<\/a><\/div>\n<\/div>\n<\/div><figure class=\"wp-block-media-text__media\"><img loading=\"lazy\" decoding=\"async\" width=\"300\" height=\"150\" src=\"https:\/\/www.ngv.nl\/hoofd\/wp-content\/uploads\/2022\/03\/GensDataPro.png\" alt=\"\" class=\"wp-image-880 size-full\"\/><\/figure><\/div>\n\n\n\n<hr class=\"wp-block-separator has-alpha-channel-opacity is-style-wide\"\/>\n\n\n\n<div class=\"wp-block-media-text is-stacked-on-mobile\" style=\"grid-template-columns:26% auto\"><figure class=\"wp-block-media-text__media\"><img loading=\"lazy\" decoding=\"async\" width=\"355\" height=\"412\" src=\"https:\/\/www.ngv.nl\/hoofd\/wp-content\/uploads\/2022\/11\/kaart2.png\" alt=\"\" class=\"wp-image-3346 size-full\" srcset=\"https:\/\/www.ngv.nl\/hoofd\/wp-content\/uploads\/2022\/11\/kaart2.png 355w, https:\/\/www.ngv.nl\/hoofd\/wp-content\/uploads\/2022\/11\/kaart2-258x300.png 258w, https:\/\/www.ngv.nl\/hoofd\/wp-content\/uploads\/2022\/11\/kaart2-10x12.png 10w, https:\/\/www.ngv.nl\/hoofd\/wp-content\/uploads\/2022\/11\/kaart2-172x200.png 172w\" sizes=\"auto, (max-width: 355px) 100vw, 355px\" \/><\/figure><div class=\"wp-block-media-text__content\">\n<h5 class=\"wp-block-heading\">Afdelingen<\/h5>\n\n\n\n<p class=\"wp-block-paragraph\">De vereniging kent meer dan twintig regionale afdelingen. Zij organiseren allerlei activiteiten zoals lezingen, cursussen, spreekuren en excursies. Daarnaast beschikken zij over specifieke collecties voor hun gebied. De regionale afdelingen kennen ook een eigen blad met artikelen, tips en nieuwtjes.<\/p>\n\n\n\n<div class=\"wp-block-buttons is-layout-flex wp-block-buttons-is-layout-flex\">\n<div style=\"--wp--block-button--width: 50;\" class=\"wp-block-button has-custom-width wp-block-button__width wp-block-button__width-50\"><a class=\"wp-block-button__link wp-element-button\" href=\"https:\/\/www.ngv-afdelingen.nl\/\" style=\"border-radius:15px\" target=\"_blank\" rel=\"noreferrer noopener\">NAAR AFDELINGEN<\/a><\/div>\n<\/div>\n<\/div><\/div>\n\n\n\n<hr class=\"wp-block-separator has-alpha-channel-opacity is-style-wide\"\/>\n\n\n\n<div class=\"wp-block-media-text has-media-on-the-right is-stacked-on-mobile\" style=\"grid-template-columns:auto 47%\"><div class=\"wp-block-media-text__content\">\n<h5 class=\"wp-block-heading\">Zoeken in de middeleeuwen<\/h5>\n\n\n\n<p class=\"wp-block-paragraph\">Sinds mei 2025 is er een databank beschikbaar die een opstap biedt voor het zoeken naar familieleden in de Middeleeuwen. Dit \u2018zogenaamde Middeleeuws Vlechtwerk\u2019 bevat ca. 140.000 personen die v\u00f3\u00f3r 1700 zijn geboren en waarvan de afstamming teruggaat tot v\u00f3\u00f3r 1550. Daarbij is geen sprake van dubbelingen. Bovendien kan er ook op bijnaam (alias) worden gezocht en kent elke vermelding een gedegen bronvermelding. Een aanvulling of verbetering is welkom.<\/p>\n\n\n\n<div class=\"wp-block-buttons is-layout-flex wp-block-buttons-is-layout-flex\">\n<div style=\"--wp--block-button--width: 75;\" class=\"wp-block-button has-custom-width wp-block-button__width wp-block-button__width-75\"><a class=\"wp-block-button__link wp-element-button\" href=\"https:\/\/www.ngv.nl\/hoofd\/middeleeuws-vlechtwerk\/\" style=\"border-radius:15px\">KLIK HIER VOOR MEER INFORMATIE<\/a><\/div>\n<\/div>\n<\/div><figure class=\"wp-block-media-text__media\"><img loading=\"lazy\" decoding=\"async\" width=\"782\" height=\"640\" src=\"https:\/\/www.ngv.nl\/hoofd\/wp-content\/uploads\/2025\/06\/Scene_de_foire_-_ca_1400_-_BNF_Fr12559_f167.jpg\" alt=\"\" class=\"wp-image-11917 size-full\" srcset=\"https:\/\/www.ngv.nl\/hoofd\/wp-content\/uploads\/2025\/06\/Scene_de_foire_-_ca_1400_-_BNF_Fr12559_f167.jpg 782w, https:\/\/www.ngv.nl\/hoofd\/wp-content\/uploads\/2025\/06\/Scene_de_foire_-_ca_1400_-_BNF_Fr12559_f167-300x246.jpg 300w, https:\/\/www.ngv.nl\/hoofd\/wp-content\/uploads\/2025\/06\/Scene_de_foire_-_ca_1400_-_BNF_Fr12559_f167-768x629.jpg 768w, https:\/\/www.ngv.nl\/hoofd\/wp-content\/uploads\/2025\/06\/Scene_de_foire_-_ca_1400_-_BNF_Fr12559_f167-15x12.jpg 15w, https:\/\/www.ngv.nl\/hoofd\/wp-content\/uploads\/2025\/06\/Scene_de_foire_-_ca_1400_-_BNF_Fr12559_f167-244x200.jpg 244w\" sizes=\"auto, (max-width: 782px) 100vw, 782px\" \/><\/figure><\/div>\n\n\n\n<hr class=\"wp-block-separator has-alpha-channel-opacity is-style-wide\"\/>\n\n\n\n<div class=\"wp-block-media-text is-stacked-on-mobile\" style=\"grid-template-columns:29% auto\"><figure class=\"wp-block-media-text__media\"><img loading=\"lazy\" decoding=\"async\" width=\"701\" height=\"1024\" src=\"https:\/\/www.ngv.nl\/hoofd\/wp-content\/uploads\/2023\/01\/B-BIEB-2-1051x1536-1-701x1024.jpg\" alt=\"\" class=\"wp-image-3709 size-full\" srcset=\"https:\/\/www.ngv.nl\/hoofd\/wp-content\/uploads\/2023\/01\/B-BIEB-2-1051x1536-1-701x1024.jpg 701w, https:\/\/www.ngv.nl\/hoofd\/wp-content\/uploads\/2023\/01\/B-BIEB-2-1051x1536-1-205x300.jpg 205w, https:\/\/www.ngv.nl\/hoofd\/wp-content\/uploads\/2023\/01\/B-BIEB-2-1051x1536-1-768x1122.jpg 768w, https:\/\/www.ngv.nl\/hoofd\/wp-content\/uploads\/2023\/01\/B-BIEB-2-1051x1536-1-8x12.jpg 8w, https:\/\/www.ngv.nl\/hoofd\/wp-content\/uploads\/2023\/01\/B-BIEB-2-1051x1536-1-137x200.jpg 137w, https:\/\/www.ngv.nl\/hoofd\/wp-content\/uploads\/2023\/01\/B-BIEB-2-1051x1536-1.jpg 1051w\" sizes=\"auto, (max-width: 701px) 100vw, 701px\" \/><\/figure><div class=\"wp-block-media-text__content\">\n<h5 class=\"wp-block-heading\">Bibliotheek en Collecties<\/h5>\n\n\n\n<p class=\"wp-block-paragraph\">De NGV beschikt over een grote collectie aan genealogische en heraldische boeken, binnen- en buitenlandse tijdschriften, cd-roms, familiewapens, bidprentjes, gedachtenis kaartjes en familieadvertenties. Deze komen voor leden in doorzoekbare vorm op deze website. Voor een belangrijk deel is dit al gerealiseerd en voor een ander deel is dit nog gaande.<\/p>\n\n\n\n<p class=\"wp-block-paragraph\">Voor zoeken in de collecties, ga naar:<\/p>\n\n\n\n<div class=\"wp-block-buttons is-layout-flex wp-block-buttons-is-layout-flex\">\n<div style=\"--wp--block-button--width: 50;\" class=\"wp-block-button has-custom-width wp-block-button__width wp-block-button__width-50\"><a class=\"wp-block-button__link wp-element-button\" href=\"https:\/\/www.ngv.nl\/bibliotheek\/\" style=\"border-radius:15px\" target=\"_blank\" rel=\"noreferrer noopener\">BIBLIOTHEEK EN COLLECTIES<\/a><\/div>\n<\/div>\n\n\n\n<p class=\"wp-block-paragraph\">Voor de stand van zaken bij digitalisering, ga naar:<\/p>\n\n\n\n<div class=\"wp-block-buttons is-layout-flex wp-block-buttons-is-layout-flex\">\n<div style=\"--wp--block-button--width: 50;\" class=\"wp-block-button has-custom-width wp-block-button__width wp-block-button__width-50\"><a class=\"wp-block-button__link wp-element-button\" href=\"https:\/\/www.ngv.nl\/hoofd\/digitalisering-van-ngv-collecties\/\" style=\"border-radius:15px\" target=\"_blank\" rel=\"noreferrer noopener\">OVERZICHT<\/a><\/div>\n<\/div>\n<\/div><\/div>\n\n\n\n<hr class=\"wp-block-separator has-alpha-channel-opacity is-style-wide\"\/>\n\n\n\n<div class=\"wp-block-media-text has-media-on-the-right is-stacked-on-mobile\"><div class=\"wp-block-media-text__content\">\n<h5 class=\"wp-block-heading\">DNA Leidraad<\/h5>\n\n\n\n<p class=\"wp-block-paragraph\">Met een DNA-test kunnen nog onbekende familieleden worden opgespoord en bewijzen worden gevonden voor verwantschappen waarover twijfel bestaat. Leden hebben toegang tot een leidraad, waarin de verschillende typen DNA-testen staan beschreven en wordt uitgelegd wat uit de testresultaten kan worden afgeleid. Vele voorbeelden van testresultaten dienen daarbij als illustratie.<\/p>\n\n\n\n<div class=\"wp-block-buttons is-layout-flex wp-block-buttons-is-layout-flex\">\n<div style=\"--wp--block-button--width: 75;\" class=\"wp-block-button has-custom-width wp-block-button__width wp-block-button__width-75\"><a class=\"wp-block-button__link wp-element-button\" href=\"https:\/\/ngv.nl\/dna\" style=\"border-radius:15px\" target=\"_blank\" rel=\"noreferrer noopener\">NAAR DNA-LEIDRAAD<\/a><\/div>\n<\/div>\n<\/div><figure class=\"wp-block-media-text__media\"><img loading=\"lazy\" decoding=\"async\" width=\"960\" height=\"393\" src=\"https:\/\/www.ngv.nl\/hoofd\/wp-content\/uploads\/2022\/09\/ngv-dna.png\" alt=\"\" class=\"wp-image-2748 size-full\" srcset=\"https:\/\/www.ngv.nl\/hoofd\/wp-content\/uploads\/2022\/09\/ngv-dna.png 960w, https:\/\/www.ngv.nl\/hoofd\/wp-content\/uploads\/2022\/09\/ngv-dna-300x123.png 300w, https:\/\/www.ngv.nl\/hoofd\/wp-content\/uploads\/2022\/09\/ngv-dna-768x314.png 768w, https:\/\/www.ngv.nl\/hoofd\/wp-content\/uploads\/2022\/09\/ngv-dna-18x7.png 18w, https:\/\/www.ngv.nl\/hoofd\/wp-content\/uploads\/2022\/09\/ngv-dna-489x200.png 489w\" sizes=\"auto, (max-width: 960px) 100vw, 960px\" \/><\/figure><\/div>\n\n\n\n<hr class=\"wp-block-separator has-alpha-channel-opacity is-style-wide\"\/>\n\n\n\n<div class=\"wp-block-media-text is-stacked-on-mobile\" style=\"grid-template-columns:40% auto\"><figure class=\"wp-block-media-text__media\"><img loading=\"lazy\" decoding=\"async\" width=\"283\" height=\"205\" src=\"https:\/\/www.ngv.nl\/hoofd\/wp-content\/uploads\/2024\/05\/kadastrale-archieven.png\" alt=\"\" class=\"wp-image-7895 size-full\" srcset=\"https:\/\/www.ngv.nl\/hoofd\/wp-content\/uploads\/2024\/05\/kadastrale-archieven.png 283w, https:\/\/www.ngv.nl\/hoofd\/wp-content\/uploads\/2024\/05\/kadastrale-archieven-18x12.png 18w, https:\/\/www.ngv.nl\/hoofd\/wp-content\/uploads\/2024\/05\/kadastrale-archieven-276x200.png 276w\" sizes=\"auto, (max-width: 283px) 100vw, 283px\" \/><\/figure><div class=\"wp-block-media-text__content\">\n<h5 class=\"wp-block-heading\">Kadaster Leidraad<\/h5>\n\n\n\n<p class=\"wp-block-paragraph\">Het Kadaster is een registratie van alle vastgoed in Nederland vanaf 1832. Indirect vinden we daarin bijvoorbeeld ook informatie wie waar woonde, welk beroep een eigenaar had en\/of met wie hij of zij gehuwd was, welke verkopen er waren en hoe erfenissen verdeeld werden. De NGV geeft hier tips om succesvol historische gegevens uit de kadastrale archieven te halen.<\/p>\n\n\n\n<div class=\"wp-block-buttons is-layout-flex wp-block-buttons-is-layout-flex\">\n<div style=\"--wp--block-button--width: 75;\" class=\"wp-block-button has-custom-width wp-block-button__width wp-block-button__width-75\"><a class=\"wp-block-button__link wp-element-button\" href=\"https:\/\/ngv.nl\/kadaster\/\" style=\"border-radius:15px\" target=\"_blank\" rel=\"noreferrer noopener\">NAAR KADASTER-LEIDRAAD<\/a><\/div>\n<\/div>\n<\/div><\/div>\n\n\n\n<hr class=\"wp-block-separator has-alpha-channel-opacity is-style-wide\"\/>\n\n\n\n<div class=\"wp-block-media-text has-media-on-the-right is-stacked-on-mobile\" style=\"grid-template-columns:auto 25%\"><div class=\"wp-block-media-text__content\">\n<h5 class=\"wp-block-heading\">Wapenregistratie<\/h5>\n\n\n\n<p class=\"wp-block-paragraph\">Een familieverhaal kan worden gecompleteerd met een familiewapen. Voor het laten registreren van een bestaand of nieuw ontworpen familiewapen kan men terecht bij het Nederlands College Heraldiek. Dit College neemt zowel aanvragen voor mannelijke en vrouwelijke, alsmede kerkelijke en corporatieve wapens in behandeling. Ook aanvragen van niet-leden zijn welkom.<\/p>\n\n\n\n<div class=\"wp-block-buttons is-layout-flex wp-block-buttons-is-layout-flex\">\n<div style=\"--wp--block-button--width: 50;\" class=\"wp-block-button has-custom-width wp-block-button__width wp-block-button__width-50\"><a class=\"wp-block-button__link wp-element-button\" href=\"https:\/\/www.ngv.nl\/hoofd\/heraldiek\/\" style=\"border-radius:15px\">HERALDIEK<\/a><\/div>\n<\/div>\n<\/div><figure class=\"wp-block-media-text__media\"><img loading=\"lazy\" decoding=\"async\" width=\"250\" height=\"306\" src=\"https:\/\/www.ngv.nl\/hoofd\/wp-content\/uploads\/2022\/11\/Afbeelding-1-1-e1668852341566.jpg\" alt=\"\" class=\"wp-image-3332 size-full\" srcset=\"https:\/\/www.ngv.nl\/hoofd\/wp-content\/uploads\/2022\/11\/Afbeelding-1-1-e1668852341566.jpg 250w, https:\/\/www.ngv.nl\/hoofd\/wp-content\/uploads\/2022\/11\/Afbeelding-1-1-e1668852341566-245x300.jpg 245w, https:\/\/www.ngv.nl\/hoofd\/wp-content\/uploads\/2022\/11\/Afbeelding-1-1-e1668852341566-10x12.jpg 10w, https:\/\/www.ngv.nl\/hoofd\/wp-content\/uploads\/2022\/11\/Afbeelding-1-1-e1668852341566-163x200.jpg 163w\" sizes=\"auto, (max-width: 250px) 100vw, 250px\" \/><\/figure><\/div>\n\n\n\n<hr class=\"wp-block-separator has-alpha-channel-opacity is-style-wide\"\/>\n\n\n\n<div class=\"wp-block-media-text is-stacked-on-mobile\"><figure class=\"wp-block-media-text__media\"><img loading=\"lazy\" decoding=\"async\" width=\"1024\" height=\"610\" src=\"https:\/\/www.ngv.nl\/hoofd\/wp-content\/uploads\/2022\/04\/Bibliotheek-Bunnik-1024x610.jpg\" alt=\"\" class=\"wp-image-1824 size-full\" srcset=\"https:\/\/www.ngv.nl\/hoofd\/wp-content\/uploads\/2022\/04\/Bibliotheek-Bunnik-1024x610.jpg 1024w, https:\/\/www.ngv.nl\/hoofd\/wp-content\/uploads\/2022\/04\/Bibliotheek-Bunnik-300x179.jpg 300w, https:\/\/www.ngv.nl\/hoofd\/wp-content\/uploads\/2022\/04\/Bibliotheek-Bunnik-768x458.jpg 768w, https:\/\/www.ngv.nl\/hoofd\/wp-content\/uploads\/2022\/04\/Bibliotheek-Bunnik-1536x915.jpg 1536w, https:\/\/www.ngv.nl\/hoofd\/wp-content\/uploads\/2022\/04\/Bibliotheek-Bunnik-2048x1220.jpg 2048w, https:\/\/www.ngv.nl\/hoofd\/wp-content\/uploads\/2022\/04\/Bibliotheek-Bunnik-336x200.jpg 336w\" sizes=\"auto, (max-width: 1024px) 100vw, 1024px\" \/><\/figure><div class=\"wp-block-media-text__content\">\n<h5 class=\"wp-block-heading\">Informatiecentrum<\/h5>\n\n\n\n<p class=\"wp-block-paragraph\">In het Informatiecentrum te Bunnik staat voor leden een bibliotheek ter beschikking met een unieke verzameling boeken, uiteenlopend van familieboeken, wapenboeken tot naslagwerken. In totaal zijn ca. 16.000 titels aanwezig. Daarnaast herbergt de bibliotheek een groot aantal binnen- en buitenlandse tijdschriften. Er zijn medewerkers aanwezig om je wegwijs te maken en desgewenst bij te staan ingeval van vragen. De bibliotheek is toegankelijk op de openingstijden van het Informatiecentrum of op afspraak. Ga voor de catalogi naar:<\/p>\n\n\n\n<div class=\"wp-block-buttons is-layout-flex wp-block-buttons-is-layout-flex\">\n<div style=\"--wp--block-button--width: 50;\" class=\"wp-block-button has-custom-width wp-block-button__width wp-block-button__width-50\"><a class=\"wp-block-button__link wp-element-button\" href=\"https:\/\/www.ngv.nl\/bibliotheek\/\" style=\"border-radius:15px\" target=\"_blank\" rel=\"noreferrer noopener\">COLLECTIES<\/a><\/div>\n<\/div>\n<\/div><\/div>\n\n\n\n<hr class=\"wp-block-separator has-alpha-channel-opacity is-style-wide\"\/>\n\n\n\n<div class=\"wp-block-media-text has-media-on-the-right is-stacked-on-mobile is-vertically-aligned-center\"><div class=\"wp-block-media-text__content\">\n<h5 class=\"wp-block-heading\">NGV-Stambomen<\/h5>\n\n\n\n<p class=\"wp-block-paragraph\">Leden helpen leden. Dit komt tot uiting in de NGV-Stambomen verzameling waarin zich aangeleverde stambomen bevinden. Deze doorzoekbare schat kan je verder helpen. Deze stambomenverzameling is sinds 1 mei weer in gebruik genomen. De site is voor iedereen zichtbaar, maar plaatsing op deze site is voorbehouden aan leden. Een uitgebreide toelichting vindt u in dit nummer van Gens Nostra: <a href=\"https:\/\/www.gensnostra.nl\/wp-content\/uploads\/2026\/05\/GN-2026-3.pdf\" target=\"_blank\" rel=\"noreferrer noopener\"><strong>GN-2026-03<\/strong><\/a> <\/p>\n\n\n\n<div class=\"wp-block-buttons is-layout-flex wp-block-buttons-is-layout-flex\">\n<div class=\"wp-block-button\"><a class=\"wp-block-button__link wp-element-button\" href=\"https:\/\/www.ngv-stambomen.nl\/gdp\/view\/home.php\" style=\"border-top-left-radius:15px;border-top-right-radius:15px;border-bottom-left-radius:15px;border-bottom-right-radius:15px\" target=\"_blank\" rel=\"noreferrer noopener\">NGV-STAMBOMEN<\/a><\/div>\n<\/div>\n\n\n\n<div class=\"wp-block-buttons is-layout-flex wp-block-buttons-is-layout-flex\">\n<div class=\"wp-block-button\"><a class=\"wp-block-button__link wp-element-button\" href=\"https:\/\/www.ngv.nl\/hoofd\/aanmelden-stamboom\/\" style=\"border-top-left-radius:15px;border-top-right-radius:15px;border-bottom-left-radius:15px;border-bottom-right-radius:15px\">AANMELDEN STAMBOOM<\/a><\/div>\n<\/div>\n<\/div><figure class=\"wp-block-media-text__media\"><img loading=\"lazy\" decoding=\"async\" width=\"1024\" height=\"682\" src=\"https:\/\/www.ngv.nl\/hoofd\/wp-content\/uploads\/2022\/03\/business-2651346_1280-1024x682.jpg\" alt=\"\" class=\"wp-image-1331 size-full\" srcset=\"https:\/\/www.ngv.nl\/hoofd\/wp-content\/uploads\/2022\/03\/business-2651346_1280-1024x682.jpg 1024w, https:\/\/www.ngv.nl\/hoofd\/wp-content\/uploads\/2022\/03\/business-2651346_1280-300x200.jpg 300w, https:\/\/www.ngv.nl\/hoofd\/wp-content\/uploads\/2022\/03\/business-2651346_1280-768x512.jpg 768w, https:\/\/www.ngv.nl\/hoofd\/wp-content\/uploads\/2022\/03\/business-2651346_1280.jpg 1280w\" sizes=\"auto, (max-width: 1024px) 100vw, 1024px\" \/><\/figure><\/div>\n\n\n\n<hr class=\"wp-block-separator has-alpha-channel-opacity is-style-wide\"\/>\n\n\n\n<div class=\"wp-block-media-text is-stacked-on-mobile\"><figure class=\"wp-block-media-text__media\"><img loading=\"lazy\" decoding=\"async\" width=\"1024\" height=\"702\" src=\"https:\/\/www.ngv.nl\/hoofd\/wp-content\/uploads\/2022\/03\/webshop-1024x702.jpg\" alt=\"\" class=\"wp-image-1358 size-full\" srcset=\"https:\/\/www.ngv.nl\/hoofd\/wp-content\/uploads\/2022\/03\/webshop-1024x702.jpg 1024w, https:\/\/www.ngv.nl\/hoofd\/wp-content\/uploads\/2022\/03\/webshop-300x206.jpg 300w, https:\/\/www.ngv.nl\/hoofd\/wp-content\/uploads\/2022\/03\/webshop-768x526.jpg 768w, https:\/\/www.ngv.nl\/hoofd\/wp-content\/uploads\/2022\/03\/webshop-292x200.jpg 292w, https:\/\/www.ngv.nl\/hoofd\/wp-content\/uploads\/2022\/03\/webshop-365x250.jpg 365w, https:\/\/www.ngv.nl\/hoofd\/wp-content\/uploads\/2022\/03\/webshop.jpg 1081w\" sizes=\"auto, (max-width: 1024px) 100vw, 1024px\" \/><\/figure><div class=\"wp-block-media-text__content\">\n<h5 class=\"wp-block-heading\">Webshop<\/h5>\n\n\n\n<p class=\"wp-block-paragraph\">Hier vindt je boeken, themanummers, losse tijdschriften, CD\u2019s en cadeaus.<\/p>\n\n\n\n<div class=\"wp-block-buttons is-layout-flex wp-block-buttons-is-layout-flex\">\n<div style=\"--wp--block-button--width: 75;\" class=\"wp-block-button has-custom-width wp-block-button__width wp-block-button__width-75\"><a class=\"wp-block-button__link wp-element-button\" href=\"https:\/\/ngvledenservice.nl\/webshop\/\" style=\"border-radius:15px\" target=\"_blank\" rel=\"noreferrer noopener\">NAAR DE WEBSHOP<\/a><\/div>\n<\/div>\n<\/div><\/div>\n\n\n\n<hr class=\"wp-block-separator has-alpha-channel-opacity is-style-wide\"\/>\n\n\n\n<div class=\"wp-block-media-text has-media-on-the-right is-stacked-on-mobile\"><div class=\"wp-block-media-text__content\">\n<h5 class=\"wp-block-heading\">Ondersteuning<\/h5>\n\n\n\n<p class=\"wp-block-paragraph\">De NGV ondersteunt (potenti\u00eble) leden bij de uitoefening van hun hobby met een groeiend aantal cursussen. Voor starters is er de cursus Stamboomonderzoek voor beginners die in een groot aantal afdelingen wordt gegeven. Dichtbij beschikbaar en ook een goede mogelijkheid om te netwerken met anderen. Samen weten we meer immers en leren we ook van elkaar.<\/p>\n\n\n\n<div class=\"wp-block-buttons is-layout-flex wp-block-buttons-is-layout-flex\">\n<div style=\"--wp--block-button--width: 75;\" class=\"wp-block-button has-custom-width wp-block-button__width wp-block-button__width-75\"><a class=\"wp-block-button__link wp-element-button\" href=\"https:\/\/www.ngv.nl\/hoofd\/ondersteuning\/\" style=\"border-radius:15px\">LEES MEER<\/a><\/div>\n<\/div>\n<\/div><figure class=\"wp-block-media-text__media\"><img loading=\"lazy\" decoding=\"async\" width=\"1024\" height=\"683\" src=\"https:\/\/www.ngv.nl\/hoofd\/wp-content\/uploads\/2022\/03\/pexels-max-fischer-5212695-1024x683.jpg\" alt=\"\" class=\"wp-image-1345 size-full\" srcset=\"https:\/\/www.ngv.nl\/hoofd\/wp-content\/uploads\/2022\/03\/pexels-max-fischer-5212695-1024x683.jpg 1024w, https:\/\/www.ngv.nl\/hoofd\/wp-content\/uploads\/2022\/03\/pexels-max-fischer-5212695-300x200.jpg 300w, https:\/\/www.ngv.nl\/hoofd\/wp-content\/uploads\/2022\/03\/pexels-max-fischer-5212695-768x512.jpg 768w, https:\/\/www.ngv.nl\/hoofd\/wp-content\/uploads\/2022\/03\/pexels-max-fischer-5212695-1536x1024.jpg 1536w, https:\/\/www.ngv.nl\/hoofd\/wp-content\/uploads\/2022\/03\/pexels-max-fischer-5212695-2048x1365.jpg 2048w\" sizes=\"auto, (max-width: 1024px) 100vw, 1024px\" \/><\/figure><\/div>\n\n\n\n<hr class=\"wp-block-separator has-alpha-channel-opacity is-style-wide\"\/>\n\n\n\n<div class=\"wp-block-media-text is-stacked-on-mobile\"><figure class=\"wp-block-media-text__media\"><img loading=\"lazy\" decoding=\"async\" width=\"1024\" height=\"683\" src=\"https:\/\/www.ngv.nl\/hoofd\/wp-content\/uploads\/2022\/03\/Bunnik-1-1024x683.jpg\" alt=\"\" class=\"wp-image-1343 size-full\" srcset=\"https:\/\/www.ngv.nl\/hoofd\/wp-content\/uploads\/2022\/03\/Bunnik-1-1024x683.jpg 1024w, https:\/\/www.ngv.nl\/hoofd\/wp-content\/uploads\/2022\/03\/Bunnik-1-300x200.jpg 300w, https:\/\/www.ngv.nl\/hoofd\/wp-content\/uploads\/2022\/03\/Bunnik-1-768x512.jpg 768w, https:\/\/www.ngv.nl\/hoofd\/wp-content\/uploads\/2022\/03\/Bunnik-1-1536x1024.jpg 1536w, https:\/\/www.ngv.nl\/hoofd\/wp-content\/uploads\/2022\/03\/Bunnik-1-2048x1365.jpg 2048w\" sizes=\"auto, (max-width: 1024px) 100vw, 1024px\" \/><\/figure><div class=\"wp-block-media-text__content\">\n<h5 class=\"wp-block-heading\">Informatiecentrum<\/h5>\n\n\n\n<p class=\"wp-block-paragraph\">In het informatiecentrum in Bunnik kun je kennismaken met hetgeen de vereniging aan collecties en activiteiten te bieden heeft. Er zijn medewerkers aanwezig die je graag rondleiden en informeren. Zie voor de openingstijden.<\/p>\n\n\n\n<div class=\"wp-block-buttons is-layout-flex wp-block-buttons-is-layout-flex\">\n<div style=\"--wp--block-button--width: 75;\" class=\"wp-block-button has-custom-width wp-block-button__width wp-block-button__width-75\"><a class=\"wp-block-button__link wp-element-button\" href=\"https:\/\/www.ngv.nl\/hoofd\/informatiecentrum\/\" style=\"border-radius:15px\">INFORMATIECENTRUM<\/a><\/div>\n<\/div>\n<\/div><\/div>\n\n\n\n<hr class=\"wp-block-separator has-alpha-channel-opacity is-style-wide\"\/>\n\n\n\n<div class=\"wp-block-media-text has-media-on-the-right is-stacked-on-mobile\"><div class=\"wp-block-media-text__content\">\n<h5 class=\"wp-block-heading\">Nieuwsbrieven<\/h5>\n\n\n\n<p class=\"wp-block-paragraph\">NGV brengt landelijk nieuwsbrieven uit die verzonden worden naar alle leden. Hierdoor blijf je als lid altijd op de hoogte van de laatste ontwikkelingen zowel bestuurlijk als inhoudelijk. De meeste afdelingen brengen ook nieuwsbrieven uit waarin de lokale activiteiten worden belicht.<\/p>\n\n\n\n<p class=\"wp-block-paragraph\"><strong><a href=\"https:\/\/www.ngv.nl\/hoofd\/aanmelden-nieuwsbrief\/\">Aanmelden nieuwsbrief<\/a><\/strong><\/p>\n\n\n\n<p class=\"wp-block-paragraph\">Klik hier voor een recent voorbeeld van de landelijke nieuwsbrief:<br><strong><a href=\"https:\/\/www.ngv.nl\/hoofd\/wp-content\/uploads\/2025\/09\/NGV-Nieuwsbrief-september-2025.pdf\" target=\"_blank\" rel=\"noreferrer noopener\">NGV Nieuwsbrief nr. 195 september 2025<\/a><\/strong><\/p>\n<\/div><figure class=\"wp-block-media-text__media\"><img loading=\"lazy\" decoding=\"async\" width=\"1024\" height=\"601\" src=\"https:\/\/www.ngv.nl\/hoofd\/wp-content\/uploads\/2022\/03\/pexels-suzy-hazelwood-1157151-1024x601.jpg\" alt=\"\" class=\"wp-image-1342 size-full\" srcset=\"https:\/\/www.ngv.nl\/hoofd\/wp-content\/uploads\/2022\/03\/pexels-suzy-hazelwood-1157151-1024x601.jpg 1024w, https:\/\/www.ngv.nl\/hoofd\/wp-content\/uploads\/2022\/03\/pexels-suzy-hazelwood-1157151-300x176.jpg 300w, https:\/\/www.ngv.nl\/hoofd\/wp-content\/uploads\/2022\/03\/pexels-suzy-hazelwood-1157151-768x451.jpg 768w, https:\/\/www.ngv.nl\/hoofd\/wp-content\/uploads\/2022\/03\/pexels-suzy-hazelwood-1157151-1536x901.jpg 1536w, https:\/\/www.ngv.nl\/hoofd\/wp-content\/uploads\/2022\/03\/pexels-suzy-hazelwood-1157151-2048x1202.jpg 2048w, https:\/\/www.ngv.nl\/hoofd\/wp-content\/uploads\/2022\/03\/pexels-suzy-hazelwood-1157151-341x200.jpg 341w\" sizes=\"auto, (max-width: 1024px) 100vw, 1024px\" \/><\/figure><\/div>\n\n\n\n<hr class=\"wp-block-separator has-alpha-channel-opacity is-style-wide\"\/>\n","protected":false},"excerpt":{"rendered":"<p>Snelkoppelingen Agenda De NGV organiseert zowel op landelijk als op regionaal niveau een breed scala &hellip;<\/p>\n","protected":false},"author":1,"featured_media":0,"parent":0,"menu_order":0,"comment_status":"closed","ping_status":"closed","template":"","meta":{"footnotes":"","_members_access_role":[],"_members_access_error":""},"class_list":["post-26","page","type-page","status-publish","hentry"],"yoast_head":"<!-- This site is optimized with the Yoast SEO plugin v28.4 - https:\/\/yoast.com\/product\/yoast-seo-wordpress\/ -->\n<title>Home - Nederlandse Genealogische Vereniging<\/title>\n<meta name=\"description\" content=\"Ontdek je familiegeschiedenis. Maak een stamboom. Meld je aan voor de nieuwsbrief. Bekijk de regionale en landelijke activiteiten.\" \/>\n<meta name=\"robots\" content=\"index, follow, max-snippet:-1, max-image-preview:large, max-video-preview:-1\" \/>\n<link rel=\"canonical\" href=\"https:\/\/www.ngv.nl\/hoofd\/\" \/>\n<meta property=\"og:locale\" content=\"nl_NL\" \/>\n<meta property=\"og:type\" content=\"article\" \/>\n<meta property=\"og:title\" content=\"Home - Nederlandse Genealogische Vereniging\" \/>\n<meta property=\"og:description\" content=\"Ontdek je familiegeschiedenis. Maak een stamboom. Meld je aan voor de nieuwsbrief. Bekijk de regionale en landelijke activiteiten.\" \/>\n<meta property=\"og:url\" content=\"https:\/\/www.ngv.nl\/hoofd\/\" \/>\n<meta property=\"og:site_name\" content=\"Nederlandse Genealogische Vereniging\" \/>\n<meta property=\"article:publisher\" content=\"https:\/\/www.facebook.com\/genealogie.ngv\" \/>\n<meta property=\"article:modified_time\" content=\"2026-09-01T10:11:52+00:00\" \/>\n<meta property=\"og:image\" content=\"https:\/\/www.ngv.nl\/hoofd\/wp-content\/uploads\/2022\/03\/work-workplace-office-computer-162583.jpeg\" \/>\n\t<meta property=\"og:image:width\" content=\"1000\" \/>\n\t<meta property=\"og:image:height\" content=\"667\" \/>\n\t<meta property=\"og:image:type\" content=\"image\/jpeg\" \/>\n<meta name=\"twitter:card\" content=\"summary_large_image\" \/>\n<meta name=\"twitter:site\" content=\"@NGV_Genealogie\" \/>\n<meta name=\"twitter:label1\" content=\"Geschatte leestijd\" \/>\n\t<meta name=\"twitter:data1\" content=\"8 minuten\" \/>\n<script type=\"application\/ld+json\" class=\"yoast-schema-graph\">{\"@context\":\"https:\\\/\\\/schema.org\",\"@graph\":[{\"@type\":\"WebPage\",\"@id\":\"https:\\\/\\\/www.ngv.nl\\\/hoofd\\\/\",\"url\":\"https:\\\/\\\/www.ngv.nl\\\/hoofd\\\/\",\"name\":\"Home - Nederlandse Genealogische Vereniging\",\"isPartOf\":{\"@id\":\"https:\\\/\\\/www.ngv.nl\\\/hoofd\\\/#website\"},\"primaryImageOfPage\":{\"@id\":\"https:\\\/\\\/www.ngv.nl\\\/hoofd\\\/#primaryimage\"},\"image\":{\"@id\":\"https:\\\/\\\/www.ngv.nl\\\/hoofd\\\/#primaryimage\"},\"thumbnailUrl\":\"https:\\\/\\\/www.ngv.nl\\\/hoofd\\\/wp-content\\\/uploads\\\/2022\\\/03\\\/work-workplace-office-computer-162583.jpeg\",\"datePublished\":\"2022-01-23T12:21:38+00:00\",\"dateModified\":\"2026-09-01T10:11:52+00:00\",\"description\":\"Ontdek je familiegeschiedenis. Maak een stamboom. Meld je aan voor de nieuwsbrief. Bekijk de regionale en landelijke activiteiten.\",\"breadcrumb\":{\"@id\":\"https:\\\/\\\/www.ngv.nl\\\/hoofd\\\/#breadcrumb\"},\"inLanguage\":\"nl-NL\",\"potentialAction\":[{\"@type\":\"ReadAction\",\"target\":[\"https:\\\/\\\/www.ngv.nl\\\/hoofd\\\/\"]}]},{\"@type\":\"ImageObject\",\"inLanguage\":\"nl-NL\",\"@id\":\"https:\\\/\\\/www.ngv.nl\\\/hoofd\\\/#primaryimage\",\"url\":\"https:\\\/\\\/www.ngv.nl\\\/hoofd\\\/wp-content\\\/uploads\\\/2022\\\/03\\\/work-workplace-office-computer-162583.jpeg\",\"contentUrl\":\"https:\\\/\\\/www.ngv.nl\\\/hoofd\\\/wp-content\\\/uploads\\\/2022\\\/03\\\/work-workplace-office-computer-162583.jpeg\",\"width\":1000,\"height\":667},{\"@type\":\"BreadcrumbList\",\"@id\":\"https:\\\/\\\/www.ngv.nl\\\/hoofd\\\/#breadcrumb\",\"itemListElement\":[{\"@type\":\"ListItem\",\"position\":1,\"name\":\"Home\",\"item\":\"https:\\\/\\\/www.ngv.nl\\\/hoofd\\\/\"},{\"@type\":\"ListItem\",\"position\":2,\"name\":\"Home\"}]},{\"@type\":\"WebSite\",\"@id\":\"https:\\\/\\\/www.ngv.nl\\\/hoofd\\\/#website\",\"url\":\"https:\\\/\\\/www.ngv.nl\\\/hoofd\\\/\",\"name\":\"Nederlandse Genealogische Vereniging\",\"description\":\"\",\"publisher\":{\"@id\":\"https:\\\/\\\/www.ngv.nl\\\/hoofd\\\/#organization\"},\"potentialAction\":[{\"@type\":\"SearchAction\",\"target\":{\"@type\":\"EntryPoint\",\"urlTemplate\":\"https:\\\/\\\/www.ngv.nl\\\/hoofd\\\/?s={search_term_string}\"},\"query-input\":{\"@type\":\"PropertyValueSpecification\",\"valueRequired\":true,\"valueName\":\"search_term_string\"}}],\"inLanguage\":\"nl-NL\"},{\"@type\":\"Organization\",\"@id\":\"https:\\\/\\\/www.ngv.nl\\\/hoofd\\\/#organization\",\"name\":\"Nederlandse Genealogische Vereniging\",\"url\":\"https:\\\/\\\/www.ngv.nl\\\/hoofd\\\/\",\"logo\":{\"@type\":\"ImageObject\",\"inLanguage\":\"nl-NL\",\"@id\":\"https:\\\/\\\/www.ngv.nl\\\/hoofd\\\/#\\\/schema\\\/logo\\\/image\\\/\",\"url\":\"https:\\\/\\\/www.ngv.nl\\\/hoofd\\\/wp-content\\\/uploads\\\/2022\\\/08\\\/logo-205x108-1.jpg\",\"contentUrl\":\"https:\\\/\\\/www.ngv.nl\\\/hoofd\\\/wp-content\\\/uploads\\\/2022\\\/08\\\/logo-205x108-1.jpg\",\"width\":205,\"height\":108,\"caption\":\"Nederlandse Genealogische Vereniging\"},\"image\":{\"@id\":\"https:\\\/\\\/www.ngv.nl\\\/hoofd\\\/#\\\/schema\\\/logo\\\/image\\\/\"},\"sameAs\":[\"https:\\\/\\\/www.facebook.com\\\/genealogie.ngv\",\"https:\\\/\\\/x.com\\\/NGV_Genealogie\"]}]}<\/script>\n<!-- \/ Yoast SEO plugin. -->","yoast_head_json":{"title":"Home - Nederlandse Genealogische Vereniging","description":"Ontdek je familiegeschiedenis. Maak een stamboom. Meld je aan voor de nieuwsbrief. Bekijk de regionale en landelijke activiteiten.","robots":{"index":"index","follow":"follow","max-snippet":"max-snippet:-1","max-image-preview":"max-image-preview:large","max-video-preview":"max-video-preview:-1"},"canonical":"https:\/\/www.ngv.nl\/hoofd\/","og_locale":"nl_NL","og_type":"article","og_title":"Home - Nederlandse Genealogische Vereniging","og_description":"Ontdek je familiegeschiedenis. Maak een stamboom. Meld je aan voor de nieuwsbrief. Bekijk de regionale en landelijke activiteiten.","og_url":"https:\/\/www.ngv.nl\/hoofd\/","og_site_name":"Nederlandse Genealogische Vereniging","article_publisher":"https:\/\/www.facebook.com\/genealogie.ngv","article_modified_time":"2026-09-01T10:11:52+00:00","og_image":[{"width":1000,"height":667,"url":"https:\/\/www.ngv.nl\/hoofd\/wp-content\/uploads\/2022\/03\/work-workplace-office-computer-162583.jpeg","type":"image\/jpeg"}],"twitter_card":"summary_large_image","twitter_site":"@NGV_Genealogie","twitter_misc":{"Geschatte leestijd":"8 minuten"},"schema":{"@context":"https:\/\/schema.org","@graph":[{"@type":"WebPage","@id":"https:\/\/www.ngv.nl\/hoofd\/","url":"https:\/\/www.ngv.nl\/hoofd\/","name":"Home - Nederlandse Genealogische Vereniging","isPartOf":{"@id":"https:\/\/www.ngv.nl\/hoofd\/#website"},"primaryImageOfPage":{"@id":"https:\/\/www.ngv.nl\/hoofd\/#primaryimage"},"image":{"@id":"https:\/\/www.ngv.nl\/hoofd\/#primaryimage"},"thumbnailUrl":"https:\/\/www.ngv.nl\/hoofd\/wp-content\/uploads\/2022\/03\/work-workplace-office-computer-162583.jpeg","datePublished":"2022-01-23T12:21:38+00:00","dateModified":"2026-09-01T10:11:52+00:00","description":"Ontdek je familiegeschiedenis. Maak een stamboom. Meld je aan voor de nieuwsbrief. Bekijk de regionale en landelijke activiteiten.","breadcrumb":{"@id":"https:\/\/www.ngv.nl\/hoofd\/#breadcrumb"},"inLanguage":"nl-NL","potentialAction":[{"@type":"ReadAction","target":["https:\/\/www.ngv.nl\/hoofd\/"]}]},{"@type":"ImageObject","inLanguage":"nl-NL","@id":"https:\/\/www.ngv.nl\/hoofd\/#primaryimage","url":"https:\/\/www.ngv.nl\/hoofd\/wp-content\/uploads\/2022\/03\/work-workplace-office-computer-162583.jpeg","contentUrl":"https:\/\/www.ngv.nl\/hoofd\/wp-content\/uploads\/2022\/03\/work-workplace-office-computer-162583.jpeg","width":1000,"height":667},{"@type":"BreadcrumbList","@id":"https:\/\/www.ngv.nl\/hoofd\/#breadcrumb","itemListElement":[{"@type":"ListItem","position":1,"name":"Home","item":"https:\/\/www.ngv.nl\/hoofd\/"},{"@type":"ListItem","position":2,"name":"Home"}]},{"@type":"WebSite","@id":"https:\/\/www.ngv.nl\/hoofd\/#website","url":"https:\/\/www.ngv.nl\/hoofd\/","name":"Nederlandse Genealogische Vereniging","description":"","publisher":{"@id":"https:\/\/www.ngv.nl\/hoofd\/#organization"},"potentialAction":[{"@type":"SearchAction","target":{"@type":"EntryPoint","urlTemplate":"https:\/\/www.ngv.nl\/hoofd\/?s={search_term_string}"},"query-input":{"@type":"PropertyValueSpecification","valueRequired":true,"valueName":"search_term_string"}}],"inLanguage":"nl-NL"},{"@type":"Organization","@id":"https:\/\/www.ngv.nl\/hoofd\/#organization","name":"Nederlandse Genealogische Vereniging","url":"https:\/\/www.ngv.nl\/hoofd\/","logo":{"@type":"ImageObject","inLanguage":"nl-NL","@id":"https:\/\/www.ngv.nl\/hoofd\/#\/schema\/logo\/image\/","url":"https:\/\/www.ngv.nl\/hoofd\/wp-content\/uploads\/2022\/08\/logo-205x108-1.jpg","contentUrl":"https:\/\/www.ngv.nl\/hoofd\/wp-content\/uploads\/2022\/08\/logo-205x108-1.jpg","width":205,"height":108,"caption":"Nederlandse Genealogische Vereniging"},"image":{"@id":"https:\/\/www.ngv.nl\/hoofd\/#\/schema\/logo\/image\/"},"sameAs":["https:\/\/www.facebook.com\/genealogie.ngv","https:\/\/x.com\/NGV_Genealogie"]}]}},"_links":{"self":[{"href":"https:\/\/www.ngv.nl\/hoofd\/wp-json\/wp\/v2\/pages\/26","targetHints":{"allow":["GET"]}}],"collection":[{"href":"https:\/\/www.ngv.nl\/hoofd\/wp-json\/wp\/v2\/pages"}],"about":[{"href":"https:\/\/www.ngv.nl\/hoofd\/wp-json\/wp\/v2\/types\/page"}],"author":[{"embeddable":true,"href":"https:\/\/www.ngv.nl\/hoofd\/wp-json\/wp\/v2\/users\/1"}],"replies":[{"embeddable":true,"href":"https:\/\/www.ngv.nl\/hoofd\/wp-json\/wp\/v2\/comments?post=26"}],"version-history":[{"count":626,"href":"https:\/\/www.ngv.nl\/hoofd\/wp-json\/wp\/v2\/pages\/26\/revisions"}],"predecessor-version":[{"id":17021,"href":"https:\/\/www.ngv.nl\/hoofd\/wp-json\/wp\/v2\/pages\/26\/revisions\/17021"}],"wp:attachment":[{"href":"https:\/\/www.ngv.nl\/hoofd\/wp-json\/wp\/v2\/media?parent=26"}],"curies":[{"name":"wp","href":"https:\/\/api.w.org\/{rel}","templated":true}]}}